{"id":14137,"date":"2016-06-09T11:12:05","date_gmt":"2016-06-09T11:12:05","guid":{"rendered":"http:\/\/www.institutrocafort.com\/ca\/politica-de-privacidad\/"},"modified":"2026-04-15T17:16:30","modified_gmt":"2026-04-15T17:16:30","slug":"politica-de-privacitat-3","status":"publish","type":"page","link":"https:\/\/www.institutrocafort.com\/ca\/politica-de-privacitat-web\/","title":{"rendered":"Pol\u00edtica de Privacitat"},"content":{"rendered":"<p>[vc_row][vc_column][vc_column_text]<\/p>\n<h4>Responsable del Tractament<\/h4>\n<p>L\u2019empresa responsable del tractament de les seves dades en virtut d\u2019aquesta Pol\u00edtica de privacitat \u00e9s:<\/p>\n<p>INSTITUT ROCAFORT, SL<br \/>\nNIF: B65227621<br \/>\nDomicili: C\/ Rocafort, 27 &#8211; Bajos 08015 Barcelona<br \/>\nAdre\u00e7a de correu electr\u00f2nic: <a href=\"mailto:info@institutrocafort.com\">info@institutrocafort.com<\/a><br \/>\nWeb: <a href=\"http:\/\/www.institutrocafort.com\">institutrocafort.com<\/a><br \/>\nTel\u00e8fon: <a href=\"tel:935418819\">935 418 819<\/a><br \/>\nInscrita al Registre Mercantil de Barcelona, Tom:41685, Foli: 16, Full: B393316<\/p>\n<p>En INSTITUT ROCAFORT, SL, reconeixem la import\u00e0ncia de protegir la seva informaci\u00f3 personal i estem compromesos a tractar-la amb responsabilitat i de conformitat amb les lleis de protecci\u00f3 de dades.<\/p>\n<p>La present pol\u00edtica de privacitat pret\u00e9n regular tots els aspectes relatius al tractament de dades dels diferents usuaris que naveguen o faciliten les seves a trav\u00e9s dels diferents formularis situats en la web.<\/p>\n<p><strong>Dades Personals<\/strong><\/p>\n<p>Una dada personal, \u00e9s la informaci\u00f3 que l\u2019identifica o el fa identificable. A trav\u00e9s de la web, en les caselles establertes a tal efecte recollim les dades personals que l\u2019usuari ens comunica: Nom, cognoms, correu electr\u00f2nic, tel\u00e8fon, direcci\u00f3 postal, poblaci\u00f3, etc.aix\u00ed com totes aquelles dades que volunt\u00e0riament ens proporcioni a trav\u00e9s de qualsevol de les xarxes socials de les quals l\u2019usuari est\u00e0 registrat. En aquest cas, la privacitat dependr\u00e0 de la configuraci\u00f3 establerta pel mateix usuari aix\u00ed com dels termes i condicions de la pr\u00f2pia xarxa social.<\/p>\n<p>La visita de l\u2019usuari a la web no implica que hagi de facilitar cap informaci\u00f3 sobre les seves dades personals. No obstant aix\u00f2, en cas de facilitar-les, les dades seran tractades de forma l\u00edcita de conformitat en tot moment als principis i drets recollits en el RGPD 2016\/679 de 26 d\u2019abril i la LOPDGDD 3\/2018 del 5 de desembre.<\/p>\n<p><strong>Finalitat, duraci\u00f3 i legitimaci\u00f3 del tractament<\/strong><\/p>\n<p>Les dades que l\u2019usuari ens proporcioni les tractarem amb les seg\u00fcents finalitats:<\/p>\n<p>Atendre la sol\u00b7licitud o petici\u00f3 realitzada per l\u2019usuari a trav\u00e9s del formulari de contacte situat a la web. Recollim i tractem les dades personals de l\u2019usuari per poder tramitar i gestionar la seva sol\u00b7licitud, una consulta o qualsevol petici\u00f3 que realitza a trav\u00e9s del formulari. Aquestes dades les conservem durant el temps necessari per complir la seva petici\u00f3 i durant el temps establert per la llei amb una duraci\u00f3 m\u00ednima de 3 anys.<\/p>\n<p>La base de legitimaci\u00f3 del tractament de les dades ser\u00e0 el consentiment que atorga l\u2019usuari en seleccionar la casella d\u2019acceptaci\u00f3 de la nostra pol\u00edtica de privacitat abans d\u2019enviar la petici\u00f3. L\u2019usuari t\u00e9 dret a revocar el seu<br \/>\nconsentiment en qualsevol moment sense que aix\u00f2 afecti la licitud del tractament basat en el consentiment previ a la seva retirada.<\/p>\n<p>Enviar butlletins i newletters sobre els serveis curso formatius i altres activitats que ofereix INSTITUT ROCAFORT, SL. Sota el consentiment de l\u2019usuari recollim i tractem les seves dades personals per poder enviar-li informaci\u00f3 sobre els nostres productes i serveis. Aquestes dades les conservarem mentre l\u2019usuari no revoqui el seu consentiment al tractament d\u2019aquestes i durant el temps establert per la llei amb una duraci\u00f3 m\u00ednima de 3 anys.<\/p>\n<p>La base de legitimaci\u00f3 del tractament de les seves dades ser\u00e0 el consentiment que atorga l\u2019usuari al seleccionar la casella d\u2019acceptaci\u00f3 de la nostra pol\u00edtica de privacitat abans de subscriure\u2019s a la newsletter en el formulari habilitat a tal efecte a la web. L\u2019usuari t\u00e9 dret a revocar el seu consentiment en qualsevol moment sense que aix\u00f2 afecti la licitud del tractament basat en el consentiment previ a la seva retirada.<\/p>\n<p>Millorar la seva experi\u00e8ncia en navegar per la web. Aquestes dades els conservarem mentre l\u2019usuari no revoqui el seu consentiment al tractament d\u2019aquestes eliminant les cookies i durant el temps establert per la llei amb una durada m\u00ednima de 3 anys.<\/p>\n<p>La base de legitimaci\u00f3 per a millorar la seva experi\u00e8ncia en navegar per la web \u00e9s el consentiment que atorga l\u2019usuari en acceptar les cookies. L\u2019usuari t\u00e9 dret a revocar el seu consentiment en qualsevol moment sense que aix\u00f2 afecti la licitud del tractament basat en el consentiment previ a la seva retirada.<\/p>\n<p>Gestionar les nostres xarxes socials i enviar-li informaci\u00f3 sobre les nostres activitats i productes. Aquestes dades les conservarem mentre l\u2019usuari no revoqui el seu consentiment al tractament d\u2019aquestes i durant el temps establert per la llei amb una durada m\u00ednima de 3 anys.<\/p>\n<p>La base de leg\u00edtimaci\u00f3 per a gestionar les nostres xarxes socials i enviar-li les nostres activitats i novetats, \u00e9s el consentiment que ens atorga per a aix\u00f2. L\u2019usuari t\u00e9 dret a revocar el seu consentiment en qualsevol moment sense que aix\u00f2 afecti la licitud del tractament basat en el consentiment previ a la seva retirada.<\/p>\n<p><strong>Condicions de les sessions virtuals o videoconfer\u00e8ncies<\/strong><\/p>\n<p>Les sessions realitzades mitjan\u00e7ant la modalitat online, ja sigui a trav\u00e9s del nostre campus virtual o per videoconfer\u00e8ncia implicar\u00e0 la inscripci\u00f3 pr\u00e8via de l\u2019alumne\/a en la plataforma indicada pel Responsable, permetent a aquest accedir a explicacions i continguts de manera virtual. El seu acc\u00e9s suposar\u00e0 el compliment de les seg\u00fcents condicions:<\/p>\n<p>La sessi\u00f3 (imatge, so i xat) podria ser gravada a fi de facilitar als participants, amb posterioritat, el contingut d\u2019aquesta. De manera que la participaci\u00f3 dels alumnes durant la sessi\u00f3,implica l\u2019autoritzaci\u00f3 expressa a ser gravat. En cas que algun assistent s\u2019oposi a l\u2019enregistrament haur\u00e0 de silenciar el micro i apagar la c\u00e0mera, podent interactuar a trav\u00e9s del xat\u201d.<\/p>\n<p>La veu i les imatges que es gravin durant aquestes sessions nom\u00e9s es recolliran amb la finalitat de millorar el curs educatiu i facilitar el seu contingut a aquests usuaris en el seu cas.<\/p>\n<p>Queda prohibida la captaci\u00f3 i\/o enregistrament de la sessi\u00f3 per part de l\u2019alumnat, aix\u00ed com la seva reproducci\u00f3 o difusi\u00f3, en tot o en part, sigui com sigui el mitj\u00e0 o dispositiu utilitzat. Qualsevol actuaci\u00f3 indeguda comportar\u00e0 una vulneraci\u00f3 de la normativa vigent, podent derivar-se les pertinents responsabilitats legals.<\/p>\n<p>En cap cas, l\u2019alumnat podr\u00e0 distribuir a tercers els enlla\u00e7os per a accedir a la sessions virtuals.<\/p>\n<p>Nom\u00e9s es permetr\u00e0 la reproducci\u00f3 del material gravat, per\u00f2 no la desc\u00e0rrega d\u2019aquest.<\/p>\n<p>S\u2019adverteix a l\u2019alumnat que ha de preparar adequadament el seu espai d\u2019interacci\u00f3, de manera que es protegeixi la intimitat familiar i la de tercers.<\/p>\n<p>L\u2019usuari haur\u00e0 de respectar a la resta d\u2019assistents del curs. L\u2019alumnat ha de ser tolerant i respectu\u00f3s amb els missatges i opinions dels altres. Es podran suprimir aquells missatges que puguin ser considerats lascius contra els drets de tercers o que atemptin contra el desenvolupament pac\u00edfic del curs.<\/p>\n<p>En tot cas s\u2019eximir\u00e0 al Responsable de qualsevol reclamaci\u00f3 per incompliment de tals conceptes.<\/p>\n<p><strong>Cessi\u00f3 o comunicaci\u00f3 de dades personals i transfer\u00e8ncies internacionals<\/strong><\/p>\n<p>Les seves dades no es comunicaran ni seran cedides a tercers tret que existeixi alguna obligaci\u00f3 legal o a aquells prestadors vinculats al Responsable que actuen com a encarregats del tractament.<\/p>\n<p>No es realitzen transfer\u00e8ncies internacionals, en cas qu\u00e8 en algun moment poguessin realitzar-se, se li comunicaria a fi d\u2019obtenir el seu consentiment.<\/p>\n<p><strong>Actualitzaci\u00f3 de dades<\/strong><\/p>\n<p>\u00c9s important que perqu\u00e8 puguem mantenir les dades personals actualitzades, l\u2019usuari ens informi sempre que hi hagi hagut alguna modificaci\u00f3 en aquestes, en cas contrari, no responem de la veracitat d\u2019aquestes.<\/p>\n<p>L\u2019usuari garanteix que les dades personals facilitades s\u00f3n veraces garantint que tota la informaci\u00f3 facilitada correspon amb la situaci\u00f3 real, que est\u00e0 posada al dia i \u00e9s exacta, quedant obligat a comunicar qualsevol modificaci\u00f3.<\/p>\n<p><strong>Dades de Tercers<\/strong><\/p>\n<p>Si l\u2019usuari facilita dades de terceres persones per a qualsevol finalitat a INSTITUT ROCAFORT, SL, garanteix que ha obtingut aquestes dades de forma l\u00edcita, que ha informat pr\u00e8viament els afectats, obtenint el seu consentiment per a comunicar-les i que la informaci\u00f3 facilitada \u00e9s exacta i vera\u00e7.<\/p>\n<p><strong>Car\u00e0cter obligatori de la informaci\u00f3 sol\u00b7licitada<\/strong><\/p>\n<p>Tots els nostres formularis compten amb un asterisc (*) en les dades obligat\u00f2ries. Si l\u2019usuari no omple aquests camps, o no marca la casella d\u2019acceptaci\u00f3 de la pol\u00edtica de privacitat, no es permetr\u00e0 l\u2019enviament de la<br \/>\ninformaci\u00f3.<\/p>\n<p><strong>Drets dels interessats<\/strong><\/p>\n<p>T\u00e9 dret a accedir a les seves dades i a obtenir confirmaci\u00f3 sobre el seu tractament, aix\u00ed com una c\u00f2pia de les dades personals objecte de tractament. T\u00e9 dret a actualitzar-les i a sol\u00b7licitar la rectificaci\u00f3 de les dades que siguin inexactes o sol\u00b7licitar la supressi\u00f3 quan les dades no siguin necess\u00e0ries per a les finalitats per les quals van ser recaptades. Pot sol\u00b7licitar la limitaci\u00f3 en el tractament de les seves dades i oposar-se al tractament d\u2019aquestes revocant el seu consentiment, aix\u00ed com exercir el dret a la portabilitat de les dades. De la mateixa manera, t\u00e9 dret a no ser objecte de decisions basades \u00fanicament en el tractament automatitzat de les seves dades personals. Pot exercir els seus drets contactant amb nosaltres al C\/ Rocafort, 27 Bajos &#8211; 08015 Barcelona o en el correu electr\u00f2nic <a href=\"mailto:info@institutrocafort.com\">info@institutrocafort.com<\/a>.<\/p>\n<p>Si considera que els seus drets no s\u2019han at\u00e8s degudament, t\u00e9 dret a presentar una reclamaci\u00f3 davant l\u2019autoritat de control a <a href=\"http:\/\/www.aepd.es\" target=\"_blank\" rel=\"noopener\">www.aepd.es<\/a>.<\/p>\n<p><strong>Tractament de dades de Menors d\u2019edat<\/strong><\/p>\n<p>Qui facilita les dades a trav\u00e9s dels formularis d\u2019aquesta web i accepta el seu tractament declara ser major de 14 anys, quedant prohibit l\u2019acc\u00e9s i \u00fas del portal a menors d\u2019aquesta edat. Si en algun moment, el Responsable detecta que un menor de 14 anys ha proporcionat dades de car\u00e0cter personal, procedirem a la cancel\u00b7laci\u00f3 d\u2019aquestes. Aix\u00ed mateix, els pares o tutors podran en qualsevol cas dirigir-se a INSTITUT ROCAFORT, SL per a bloquejar el compte d\u2019acc\u00e9s dels menors al seu c\u00e0rrec que s\u2019haguessin registrat falsejant la seva identitat.<\/p>\n<p><strong>Xarxes Socials<\/strong><\/p>\n<p>L\u2019objecte de les eines com Facebook, Twitter, Instagram, etc. o altres xarxes socials \u00e9s donar visibilitat i difusi\u00f3 a les activitats que desenvolupa la nostra organitzaci\u00f3. Aquestes eines emmagatzenen dades personals en els servidors dels serveis respectius i es regeixen per la seva pr\u00f2pia pol\u00edtica de privacitat. Es recomana la revisi\u00f3 i la lectura de les condicions d\u2019\u00fas i pol\u00edtica de privacitat de la xarxa social en el moment de registrar-se, tenint en compte les diferents possibilitats de configuraci\u00f3 en relaci\u00f3 al grau de privacitat del perfil d\u2019usuari en la xarxa social.<\/p>\n<p>Aix\u00ed mateix, el Responsable es reserva el dret d\u2019eliminar de les seves xarxes socials qualsevol informaci\u00f3 publicada per tercers que vulneri la legalitat, inciti a fer-ho o contingui missatges que atemptin contra la dignitat de persones o institucions. Com tamb\u00e9 el dret a bloquejar o denunciar el perfil autor d\u2019aquests missatges.<\/p>\n<p><strong>Tractament de Cookies<\/strong><\/p>\n<p>Una cookie \u00e9s un petit arxiu que es descarrega i emmagatzema en l\u2019ordinador de l\u2019usuari quan aquest accedeix a una p\u00e0gina web. Les cookies permeten a la web, entre altres coses, emmagatzemar i recuperar informaci\u00f3 sobre els h\u00e0bits de navegaci\u00f3 de l\u2019usuari o del seu equip i, depenent de la informaci\u00f3 que continguin i de la forma en qu\u00e8 utilitzi el seu equip, poden utilitzar-se per a recon\u00e8ixer a l\u2019usuari.<\/p>\n<p>L\u2019usuari t\u00e9 l\u2019opci\u00f3 d\u2019impedir la generaci\u00f3 de cookies, mitjan\u00e7ant la selecci\u00f3 de la corresponent opci\u00f3 en el seu programa de navegador. Pot obtenir m\u00e9s informaci\u00f3 llegint la nostra <a title=\"Pol\u00edtica de Cookies\" href=\"https:\/\/www.institutrocafort.com\/ca\/politica-de-cookies\/\">Pol\u00edtica de Cookies<\/a>.<\/p>\n<p data-start=\"0\" data-end=\"25\">Finan\u00e7ament amb APL\u00c1ZAME.<\/p>\n<p data-start=\"27\" data-end=\"439\" data-is-last-node=\"\" data-is-only-node=\"\">L\u2019usuari que realitzi un finan\u00e7ament amb APL\u00c1ZAME accepta que totes les seves dades de car\u00e0cter personal siguin \u00edntegrament cedides a Apl\u00e1zame des del moment en qu\u00e8 l\u2019usuari hagi iniciat la contractaci\u00f3 del servei de pagament ajornat ofert per aquesta \u00faltima en el moment d\u2019escollir la forma de pagament. Aquesta acceptaci\u00f3 s\u2019est\u00e9n a terceres entitats que hagin d\u2019accedir als fitxers per al bon fi del contracte.<\/p>\n<p>Data d\u2019Actualitzaci\u00f3: 15\/04\/2026[\/vc_column_text][\/vc_column][\/vc_row]<\/p>\n","protected":false},"excerpt":{"rendered":"<p>[vc_row][vc_column][vc_column_text] Responsable del Tractament L\u2019empresa responsable del tractament de les seves dades en virtut d\u2019aquesta Pol\u00edtica de privacitat \u00e9s: INSTITUT ROCAFORT, SL NIF: B65227621 Domicili: C\/ Rocafort, 27 &#8211; Bajos 08015 Barcelona Adre\u00e7a de correu electr\u00f2nic: info@institutrocafort.com Web: institutrocafort.com Tel\u00e8fon:&nbsp;<a href=\"https:\/\/www.institutrocafort.com\/ca\/politica-de-privacitat-web\/\">[&hellip;]<\/a><\/p>\n","protected":false},"author":1,"featured_media":0,"parent":0,"menu_order":6,"comment_status":"closed","ping_status":"closed","template":"template-fullwidth.php","meta":{"footnotes":""},"acf":[],"aioseo_notices":[],"_links":{"self":[{"href":"https:\/\/www.institutrocafort.com\/ca\/wp-json\/wp\/v2\/pages\/14137"}],"collection":[{"href":"https:\/\/www.institutrocafort.com\/ca\/wp-json\/wp\/v2\/pages"}],"about":[{"href":"https:\/\/www.institutrocafort.com\/ca\/wp-json\/wp\/v2\/types\/page"}],"author":[{"embeddable":true,"href":"https:\/\/www.institutrocafort.com\/ca\/wp-json\/wp\/v2\/users\/1"}],"replies":[{"embeddable":true,"href":"https:\/\/www.institutrocafort.com\/ca\/wp-json\/wp\/v2\/comments?post=14137"}],"version-history":[{"count":6,"href":"https:\/\/www.institutrocafort.com\/ca\/wp-json\/wp\/v2\/pages\/14137\/revisions"}],"predecessor-version":[{"id":20277,"href":"https:\/\/www.institutrocafort.com\/ca\/wp-json\/wp\/v2\/pages\/14137\/revisions\/20277"}],"wp:attachment":[{"href":"https:\/\/www.institutrocafort.com\/ca\/wp-json\/wp\/v2\/media?parent=14137"}],"curies":[{"name":"wp","href":"https:\/\/api.w.org\/{rel}","templated":true}]}}